{"id":63483,"date":"2017-08-09T00:00:00","date_gmt":"2017-08-08T22:00:00","guid":{"rendered":"https:\/\/great-goldberg.213-199-36-195.plesk.page\/post\/mirador-de-aves-jose-luis-rabunal"},"modified":"2024-11-22T20:20:36","modified_gmt":"2024-11-22T19:20:36","slug":"miradoiro-de-aves-jose-luis-rabunal","status":"publish","type":"contenido","link":"https:\/\/visitacostadamorte.com\/gl\/post\/miradoiro-de-aves-jose-luis-rabunal","title":{"rendered":"Miradoiro de Aves Jos\u00e9 Lu\u00eds Rabu\u00f1al"},"content":{"rendered":"\n<p>En outubro de 2006, durante a celebraci\u00f3n do I\u00ba Congreso de Ornitolox\u00eda da Costa da Morte, inaugurouse o primeiro observatorio de aves deste litoral da provincia da Coru\u00f1a. Deste xeito, dende o concello de Cabana de Berganti\u00f1os, quixo reco\u00f1ecer aos m\u00e1is de trinta anos que Jos\u00e9 Lu\u00eds Rabu\u00f1al Pati\u00f1o, un dos m\u00e1is importantes ornit\u00f3logos do estado espa\u00f1ol, dedicou \u00e1 observaci\u00f3n e estudo de aves na ensenada da Insua, po\u00f1\u00e9ndolle o seu nome. <\/p>\n\n<p>O Miradoiro de Aves Jos\u00e9 Lu\u00eds Rabu\u00f1al Pati\u00f1o, unha caseta de madeira perfectamente integrada na paisaxe, est\u00e1 situada na praia de Urixeira. No seu interior, coloc\u00e1ronse uns paneis divulgativos que informan das rutas migratorias das aves que chegan ao estuario, dos espazos que ocupa a avifauna nel, das rarezas que se puideron observar nalgunha ocasi\u00f3n, de como reco\u00f1ecer aves ou dos \u00fatiles para observalas. <\/p>\n\n<ul class=\"wp-block-list\">\n<li><a href=\"http:\/\/www.concello-cabana.es\/gl\/sendeiros-cabana\" target=\"_blank\" rel=\"noopener\">Web mirador &#8211; Concello de Cabana<\/a><\/li>\n<\/ul>\n","protected":false},"excerpt":{"rendered":"<p>En outubro de 2006, durante a celebraci\u00f3n do I\u00ba Congreso de Ornitolox\u00eda da Costa da Morte, inaugurouse o primeiro observatorio de aves deste litoral da provincia da Coru\u00f1a. Deste xeito, dende o concello de Cabana de Berganti\u00f1os, quixo reco\u00f1ecer aos m\u00e1is de trinta anos que Jos\u00e9 Lu\u00eds Rabu\u00f1al Pati\u00f1o, un dos m\u00e1is importantes ornit\u00f3logos do [&hellip;]<\/p>\n","protected":false},"featured_media":13670,"template":"","concellos-contenido":[311],"categorias-contenido":[272],"class_list":["post-63483","contenido","type-contenido","status-publish","has-post-thumbnail","hentry","concellos-contenido-cabana-gl","categorias-contenido-miradores-gl"],"_links":{"self":[{"href":"https:\/\/visitacostadamorte.com\/gl\/wp-json\/wp\/v2\/contenido\/63483","targetHints":{"allow":["GET"]}}],"collection":[{"href":"https:\/\/visitacostadamorte.com\/gl\/wp-json\/wp\/v2\/contenido"}],"about":[{"href":"https:\/\/visitacostadamorte.com\/gl\/wp-json\/wp\/v2\/types\/contenido"}],"wp:featuredmedia":[{"embeddable":true,"href":"https:\/\/visitacostadamorte.com\/gl\/wp-json\/wp\/v2\/media\/13670"}],"wp:attachment":[{"href":"https:\/\/visitacostadamorte.com\/gl\/wp-json\/wp\/v2\/media?parent=63483"}],"wp:term":[{"taxonomy":"concellos-contenido","embeddable":true,"href":"https:\/\/visitacostadamorte.com\/gl\/wp-json\/wp\/v2\/concellos-contenido?post=63483"},{"taxonomy":"categorias-contenido","embeddable":true,"href":"https:\/\/visitacostadamorte.com\/gl\/wp-json\/wp\/v2\/categorias-contenido?post=63483"}],"curies":[{"name":"wp","href":"https:\/\/api.w.org\/{rel}","templated":true}]}}